{"id":81,"date":"2014-10-23T11:15:21","date_gmt":"2014-10-23T08:15:21","guid":{"rendered":"http:\/\/www.itukylat.fi\/sarvisalo\/?page_id=81"},"modified":"2025-10-18T13:07:09","modified_gmt":"2025-10-18T10:07:09","slug":"kesatori","status":"publish","type":"page","link":"https:\/\/www.sarfsalo.fi\/fi\/kesatori\/","title":{"rendered":"Kes\u00e4tori"},"content":{"rendered":"<p><em><strong>Kes\u00e4tori \u00a0Byag\u00e5rdenilla lauantaisin klo 10-12\u00a0<\/strong><\/em><\/p>\n<p><em><strong><\/strong><\/em><\/p>\n<p><em><strong>Juhannustori pe 19.6. klo 10-13<\/strong><\/em><\/p>\n<p><em><strong><a href=\"https:\/\/www.sarfsalo.fi\/wp-content\/uploads\/sites\/31\/2014\/12\/torikuva5_suorista.jpg\" target=\"_blank\" rel=\"noopener noreferrer\"><img loading=\"lazy\" decoding=\"async\" class=\"size-medium wp-image-628 alignleft\" src=\"https:\/\/www.sarfsalo.fi\/wp-content\/uploads\/sites\/31\/2014\/12\/torikuva5_suorista-300x225.jpg\" alt=\"torikuva5_suorista\" width=\"300\" height=\"225\" data-id=\"628\" srcset=\"https:\/\/www.sarfsalo.fi\/wp-content\/uploads\/sites\/31\/2014\/12\/torikuva5_suorista-300x225.jpg 300w, https:\/\/www.sarfsalo.fi\/wp-content\/uploads\/sites\/31\/2014\/12\/torikuva5_suorista-1024x768.jpg 1024w\" sizes=\"auto, (max-width: 300px) 100vw, 300px\" \/><\/a><\/strong><\/em><a href=\"https:\/\/www.sarfsalo.fi\/wp-content\/uploads\/sites\/31\/2014\/11\/torikuva.jpg\" target=\"_blank\" rel=\"noopener noreferrer\"><img loading=\"lazy\" decoding=\"async\" class=\"alignright size-medium wp-image-481\" src=\"https:\/\/www.sarfsalo.fi\/wp-content\/uploads\/sites\/31\/2014\/11\/torikuva-300x225.jpg\" alt=\"torikuva\" width=\"300\" height=\"225\" data-id=\"481\" srcset=\"https:\/\/www.sarfsalo.fi\/wp-content\/uploads\/sites\/31\/2014\/11\/torikuva-300x225.jpg 300w, https:\/\/www.sarfsalo.fi\/wp-content\/uploads\/sites\/31\/2014\/11\/torikuva-1024x768.jpg 1024w, https:\/\/www.sarfsalo.fi\/wp-content\/uploads\/sites\/31\/2014\/11\/torikuva.jpg 1280w\" sizes=\"auto, (max-width: 300px) 100vw, 300px\" \/><\/a><\/p>\n<p>&nbsp;<\/p>\n<p>&nbsp;<\/p>\n<p>&nbsp;<\/p>\n<p>&nbsp;<\/p>\n<p>&nbsp;<\/p>\n<p>&nbsp;<\/p>\n<p><em><strong><a href=\"https:\/\/www.sarfsalo.fi\/wp-content\/uploads\/sites\/31\/2014\/12\/torikuva4.jpg\" target=\"_blank\" rel=\"noopener noreferrer\"><img loading=\"lazy\" decoding=\"async\" class=\"alignright size-medium wp-image-627\" src=\"https:\/\/www.sarfsalo.fi\/wp-content\/uploads\/sites\/31\/2014\/12\/torikuva4-300x225.jpg\" alt=\"torikuva4\" width=\"300\" height=\"225\" data-id=\"627\" srcset=\"https:\/\/www.sarfsalo.fi\/wp-content\/uploads\/sites\/31\/2014\/12\/torikuva4-300x225.jpg 300w, https:\/\/www.sarfsalo.fi\/wp-content\/uploads\/sites\/31\/2014\/12\/torikuva4-1024x768.jpg 1024w\" sizes=\"auto, (max-width: 300px) 100vw, 300px\" \/><\/a><\/strong><\/em><em><strong><br \/>\nSarvisalon kes\u00e4tori ei ole ainoastaan Sarvisalon asukkaita varten vaan t\u00e4nne tullaan kaukaa. Suomenruotsalainen radio\u00e4\u00e4ni sanoi, ett\u00e4 ei voi ajatella kes\u00e4\u00e4 ilman k\u00e4ynti\u00e4 Sarvisalon kes\u00e4torilla.<\/strong><\/em><\/p>\n<p>L\u00e4hiruoka, p\u00e4iv\u00e4n sana, Sarvisalon torilla l\u00e4hiruokaa on ollut tarjolla alusta alkaen. T\u00e4\u00e4lt\u00e4 saat vaikka mit\u00e4, uudet perunat, kalaa, sen eri muodoissa, mansikoita, hunajaa, vihanneksia, leivonnaisia, k\u00e4sit\u00f6it\u00e4, makeisia, paikalliset maisemakortit, kirppisl\u00f6yt\u00f6j\u00e4 jne. Tai sitten toriasiakkaat voivat istahtaa kahville penkeille tai katoksen alle, jos sattuisi sade.<\/p>\n<p><a href=\"https:\/\/www.sarfsalo.fi\/wp-content\/uploads\/sites\/31\/2014\/12\/torikuva2.jpg\" target=\"_blank\" rel=\"noopener noreferrer\"><img loading=\"lazy\" decoding=\"async\" class=\"alignright size-medium wp-image-625\" src=\"https:\/\/www.sarfsalo.fi\/wp-content\/uploads\/sites\/31\/2014\/12\/torikuva2-300x225.jpg\" alt=\"torikuva2\" width=\"300\" height=\"225\" data-id=\"625\" srcset=\"https:\/\/www.sarfsalo.fi\/wp-content\/uploads\/sites\/31\/2014\/12\/torikuva2-300x225.jpg 300w, https:\/\/www.sarfsalo.fi\/wp-content\/uploads\/sites\/31\/2014\/12\/torikuva2-1024x768.jpg 1024w, https:\/\/www.sarfsalo.fi\/wp-content\/uploads\/sites\/31\/2014\/12\/torikuva2.jpg 1280w\" sizes=\"auto, (max-width: 300px) 100vw, 300px\" \/><\/a>Lapsille l\u00f6ytyy mehua. Hanurimusiikin soidessa voit hymyillen maistella vasta paistettuja r\u00e4isk\u00e4leit\u00e4 hillon ja kermavaahdon kera. Tai aasialaisittain muutama kev\u00e4tk\u00e4\u00e4ryle kyytipojaksi, niin varmaan p\u00e4rj\u00e4\u00e4t illan saunamakkaraan asti.<\/p>\n<p>Kes\u00e4tori j\u00e4rjestet\u00e4\u00e4n joka lauantai klo 10\u201312. Toritoiminnan lis\u00e4ksi on erilaisia teemoja kuten saaristop\u00e4iv\u00e4, veteraanip\u00e4iv\u00e4 vanhoine autoineen, antiikin arviointi tai paikallinen kuoro Blokomblaanda laulamassa. Varsinainen vetonaula on juhannustori, poikkeuksellisesti perjantaina, jolloin monta sataa k\u00e4vij\u00e4\u00e4 seuraa kun kukkakoristeista juhannussalkoa nostetaan klo 12.<\/p>\n<p><a href=\"https:\/\/www.sarfsalo.fi\/wp-content\/uploads\/sites\/31\/2014\/12\/torikuva3.jpg\" target=\"_blank\" rel=\"noopener noreferrer\"><img loading=\"lazy\" decoding=\"async\" class=\"alignright size-medium wp-image-626\" src=\"https:\/\/www.sarfsalo.fi\/wp-content\/uploads\/sites\/31\/2014\/12\/torikuva3-300x225.jpg\" alt=\"torikuva3\" width=\"300\" height=\"225\" data-id=\"626\" srcset=\"https:\/\/www.sarfsalo.fi\/wp-content\/uploads\/sites\/31\/2014\/12\/torikuva3-300x225.jpg 300w, https:\/\/www.sarfsalo.fi\/wp-content\/uploads\/sites\/31\/2014\/12\/torikuva3-1024x768.jpg 1024w, https:\/\/www.sarfsalo.fi\/wp-content\/uploads\/sites\/31\/2014\/12\/torikuva3.jpg 1280w\" sizes=\"auto, (max-width: 300px) 100vw, 300px\" \/><\/a>Tori on saaren ja l\u00e4hiymp\u00e4rist\u00f6n keskeinen tapaamispaikka, puoliv\u00e4liss\u00e4 sillan ja etel\u00e4k\u00e4rjen v\u00e4lill\u00e4 ja H\u00e4rk\u00e4p\u00e4\u00e4n kyl\u00e4n keskell\u00e4, mihin voi lyhyeksi ajaksi kiinnitt\u00e4\u00e4 veneens\u00e4. Torimyynti hoidetaan ensisijaisesti paikallisvoimin ja myynniss\u00e4 on p\u00e4\u00e4asiallisesti l\u00e4hituotteita. T\u00e4m\u00e4 markkinapaikka ei ole tarkoitettu isojen kauppaketjujen tai suurtuottajien tavaroita varten. Myyjill\u00e4 tulisi mieluiten olla jokin paikalliskytkent\u00e4, mutta Kyl\u00e4toimikunta n\u00e4kee p\u00e4\u00e4tavoitteekseen, ett\u00e4 myynniss\u00e4 olevat tuotteet ovat asukkaiden haluamia ja hy\u00f6dyllisi\u00e4 j\u00e4rkev\u00e4n kilpalun yll\u00e4pit\u00e4miseksi.<\/p>\n<p><em><strong>Myymisest\u00e4 kiinnostunut voi ottaa yhteytt\u00e4: Pernilla Kronvall, pernilla.kronvall@gmail.com.<\/strong><\/em><\/p>\n\n\t\t<style type=\"text\/css\">\n\t\t\t#gallery-1 {\n\t\t\t\tmargin: auto;\n\t\t\t}\n\t\t\t#gallery-1 .gallery-item {\n\t\t\t\tfloat: left;\n\t\t\t\tmargin-top: 10px;\n\t\t\t\ttext-align: center;\n\t\t\t\twidth: 33%;\n\t\t\t}\n\t\t\t#gallery-1 img {\n\t\t\t\tborder: 2px solid #cfcfcf;\n\t\t\t}\n\t\t\t#gallery-1 .gallery-caption {\n\t\t\t\tmargin-left: 0;\n\t\t\t}\n\t\t\t\/* see gallery_shortcode() in wp-includes\/media.php *\/\n\t\t<\/style>\n\t\t<div id='gallery-1' class='gallery galleryid-81 gallery-columns-3 gallery-size-thumbnail'><dl class='gallery-item'>\n\t\t\t<dt class='gallery-icon landscape'>\n\t\t\t\t<a href='https:\/\/www.sarfsalo.fi\/fi\/kesatori\/veteranpaiva_traktorit\/'><img loading=\"lazy\" decoding=\"async\" width=\"150\" height=\"150\" src=\"https:\/\/www.sarfsalo.fi\/wp-content\/uploads\/sites\/31\/2014\/11\/veteranpaeivae_traktorit-150x150.jpg\" class=\"attachment-thumbnail size-thumbnail\" alt=\"\" srcset=\"https:\/\/www.sarfsalo.fi\/wp-content\/uploads\/sites\/31\/2014\/11\/veteranpaeivae_traktorit-150x150.jpg 150w, https:\/\/www.sarfsalo.fi\/wp-content\/uploads\/sites\/31\/2014\/11\/veteranpaeivae_traktorit-50x50.jpg 50w\" sizes=\"auto, (max-width: 150px) 100vw, 150px\" \/><\/a>\n\t\t\t<\/dt><\/dl><dl class='gallery-item'>\n\t\t\t<dt class='gallery-icon landscape'>\n\t\t\t\t<a href='https:\/\/www.sarfsalo.fi\/fi\/kesatori\/veteranpaiva_autot5\/'><img loading=\"lazy\" decoding=\"async\" width=\"150\" height=\"150\" src=\"https:\/\/www.sarfsalo.fi\/wp-content\/uploads\/sites\/31\/2014\/11\/veteranpaeivae_autot5-150x150.jpg\" class=\"attachment-thumbnail size-thumbnail\" alt=\"\" srcset=\"https:\/\/www.sarfsalo.fi\/wp-content\/uploads\/sites\/31\/2014\/11\/veteranpaeivae_autot5-150x150.jpg 150w, https:\/\/www.sarfsalo.fi\/wp-content\/uploads\/sites\/31\/2014\/11\/veteranpaeivae_autot5-50x50.jpg 50w\" sizes=\"auto, (max-width: 150px) 100vw, 150px\" \/><\/a>\n\t\t\t<\/dt><\/dl><dl class='gallery-item'>\n\t\t\t<dt class='gallery-icon landscape'>\n\t\t\t\t<a href='https:\/\/www.sarfsalo.fi\/fi\/kesatori\/veteranpaiva_autot4\/'><img loading=\"lazy\" decoding=\"async\" width=\"150\" height=\"150\" src=\"https:\/\/www.sarfsalo.fi\/wp-content\/uploads\/sites\/31\/2014\/11\/veteranpaeivae_autot4-150x150.jpg\" class=\"attachment-thumbnail size-thumbnail\" alt=\"\" srcset=\"https:\/\/www.sarfsalo.fi\/wp-content\/uploads\/sites\/31\/2014\/11\/veteranpaeivae_autot4-150x150.jpg 150w, https:\/\/www.sarfsalo.fi\/wp-content\/uploads\/sites\/31\/2014\/11\/veteranpaeivae_autot4-50x50.jpg 50w\" sizes=\"auto, (max-width: 150px) 100vw, 150px\" \/><\/a>\n\t\t\t<\/dt><\/dl><br style=\"clear: both\" \/><dl class='gallery-item'>\n\t\t\t<dt class='gallery-icon landscape'>\n\t\t\t\t<a href='https:\/\/www.sarfsalo.fi\/fi\/kesatori\/veteranpaiva_autot3\/'><img loading=\"lazy\" decoding=\"async\" width=\"150\" height=\"150\" src=\"https:\/\/www.sarfsalo.fi\/wp-content\/uploads\/sites\/31\/2014\/11\/veteranpaeivae_autot3-150x150.jpg\" class=\"attachment-thumbnail size-thumbnail\" alt=\"\" srcset=\"https:\/\/www.sarfsalo.fi\/wp-content\/uploads\/sites\/31\/2014\/11\/veteranpaeivae_autot3-150x150.jpg 150w, https:\/\/www.sarfsalo.fi\/wp-content\/uploads\/sites\/31\/2014\/11\/veteranpaeivae_autot3-50x50.jpg 50w\" sizes=\"auto, (max-width: 150px) 100vw, 150px\" \/><\/a>\n\t\t\t<\/dt><\/dl><dl class='gallery-item'>\n\t\t\t<dt class='gallery-icon landscape'>\n\t\t\t\t<a href='https:\/\/www.sarfsalo.fi\/fi\/kesatori\/veteranpaiva_autot2\/'><img loading=\"lazy\" decoding=\"async\" width=\"150\" height=\"150\" src=\"https:\/\/www.sarfsalo.fi\/wp-content\/uploads\/sites\/31\/2014\/11\/veteranpaeivae_autot2-150x150.jpg\" class=\"attachment-thumbnail size-thumbnail\" alt=\"\" srcset=\"https:\/\/www.sarfsalo.fi\/wp-content\/uploads\/sites\/31\/2014\/11\/veteranpaeivae_autot2-150x150.jpg 150w, https:\/\/www.sarfsalo.fi\/wp-content\/uploads\/sites\/31\/2014\/11\/veteranpaeivae_autot2-50x50.jpg 50w\" sizes=\"auto, (max-width: 150px) 100vw, 150px\" \/><\/a>\n\t\t\t<\/dt><\/dl><dl class='gallery-item'>\n\t\t\t<dt class='gallery-icon landscape'>\n\t\t\t\t<a href='https:\/\/www.sarfsalo.fi\/fi\/kesatori\/veteranpaiva\/'><img loading=\"lazy\" decoding=\"async\" width=\"150\" height=\"150\" src=\"https:\/\/www.sarfsalo.fi\/wp-content\/uploads\/sites\/31\/2014\/11\/veteranpaeivae-150x150.jpg\" class=\"attachment-thumbnail size-thumbnail\" alt=\"\" srcset=\"https:\/\/www.sarfsalo.fi\/wp-content\/uploads\/sites\/31\/2014\/11\/veteranpaeivae-150x150.jpg 150w, https:\/\/www.sarfsalo.fi\/wp-content\/uploads\/sites\/31\/2014\/11\/veteranpaeivae-50x50.jpg 50w\" sizes=\"auto, (max-width: 150px) 100vw, 150px\" \/><\/a>\n\t\t\t<\/dt><\/dl><br style=\"clear: both\" \/>\n\t\t<\/div>\n\n<p>&nbsp;<\/p>\n<p>&nbsp;<\/p>\n","protected":false},"excerpt":{"rendered":"<p>Kes\u00e4tori \u00a0Byag\u00e5rdenilla lauantaisin klo 10-12\u00a0 Juhannustori pe 19.6. klo 10-13 &nbsp; &nbsp; &nbsp; &nbsp; &nbsp; &nbsp; Sarvisalon kes\u00e4tori ei ole ainoastaan Sarvisalon asukkaita varten vaan t\u00e4nne tullaan kaukaa. Suomenruotsalainen radio\u00e4\u00e4ni sanoi, ett\u00e4 ei voi ajatella kes\u00e4\u00e4 ilman k\u00e4ynti\u00e4 Sarvisalon kes\u00e4torilla. L\u00e4hiruoka, p\u00e4iv\u00e4n sana, Sarvisalon torilla l\u00e4hiruokaa on ollut tarjolla alusta alkaen. T\u00e4\u00e4lt\u00e4 saat vaikka mit\u00e4, [&hellip;]<\/p>\n","protected":false},"author":1,"featured_media":0,"parent":0,"menu_order":0,"comment_status":"closed","ping_status":"closed","template":"","meta":{"footnotes":""},"class_list":["post-81","page","type-page","status-publish","hentry"],"_links":{"self":[{"href":"https:\/\/www.sarfsalo.fi\/fi\/wp-json\/wp\/v2\/pages\/81","targetHints":{"allow":["GET"]}}],"collection":[{"href":"https:\/\/www.sarfsalo.fi\/fi\/wp-json\/wp\/v2\/pages"}],"about":[{"href":"https:\/\/www.sarfsalo.fi\/fi\/wp-json\/wp\/v2\/types\/page"}],"author":[{"embeddable":true,"href":"https:\/\/www.sarfsalo.fi\/fi\/wp-json\/wp\/v2\/users\/1"}],"replies":[{"embeddable":true,"href":"https:\/\/www.sarfsalo.fi\/fi\/wp-json\/wp\/v2\/comments?post=81"}],"version-history":[{"count":12,"href":"https:\/\/www.sarfsalo.fi\/fi\/wp-json\/wp\/v2\/pages\/81\/revisions"}],"predecessor-version":[{"id":2137,"href":"https:\/\/www.sarfsalo.fi\/fi\/wp-json\/wp\/v2\/pages\/81\/revisions\/2137"}],"wp:attachment":[{"href":"https:\/\/www.sarfsalo.fi\/fi\/wp-json\/wp\/v2\/media?parent=81"}],"curies":[{"name":"wp","href":"https:\/\/api.w.org\/{rel}","templated":true}]}}